{"id":30,"date":"2020-10-04T09:34:17","date_gmt":"2020-10-04T12:34:17","guid":{"rendered":"http:\/\/frutiflora.agenciainsonia.com.br\/?page_id=30"},"modified":"2020-11-28T19:51:54","modified_gmt":"2020-11-28T22:51:54","slug":"responsabilidade-social","status":"publish","type":"page","link":"https:\/\/frutiflora.com.br\/en\/responsabilidade-social\/","title":{"rendered":"Social Responsability"},"content":{"rendered":"<div data-elementor-type=\"wp-page\" data-elementor-id=\"30\" class=\"elementor elementor-30\" data-elementor-post-type=\"page\">\n\t\t\t\t\t\t<section class=\"elementor-section elementor-top-section elementor-element elementor-element-bbf77b7 elementor-section-boxed elementor-section-height-default elementor-section-height-default\" data-id=\"bbf77b7\" data-element_type=\"section\" data-e-type=\"section\">\n\t\t\t\t\t\t<div class=\"elementor-container elementor-column-gap-default\">\n\t\t\t\t\t<div class=\"elementor-column elementor-col-100 elementor-top-column elementor-element elementor-element-b8ebe6f\" data-id=\"b8ebe6f\" data-element_type=\"column\" data-e-type=\"column\">\n\t\t\t<div class=\"elementor-widget-wrap elementor-element-populated\">\n\t\t\t\t\t\t<div class=\"elementor-element elementor-element-bd49457 elementor-widget elementor-widget-heading\" data-id=\"bd49457\" data-element_type=\"widget\" data-e-type=\"widget\" data-widget_type=\"heading.default\">\n\t\t\t\t<div class=\"elementor-widget-container\">\n\t\t\t\t\t<h2 class=\"elementor-heading-title elementor-size-default\">Social Responsability<\/h2>\t\t\t\t<\/div>\n\t\t\t\t<\/div>\n\t\t\t\t<div class=\"elementor-element elementor-element-fa6f541 elementor-widget elementor-widget-text-editor\" data-id=\"fa6f541\" data-element_type=\"widget\" data-e-type=\"widget\" data-widget_type=\"text-editor.default\">\n\t\t\t\t<div class=\"elementor-widget-container\">\n\t\t\t\t\t\t\t\t\t<p>At Frutiflora Aromas, we are committed to always delivering high quality products, due to our rigorous manufacturing process and important partners.<\/p><p>We are always innovating in our production chain, creating solutions and developing processes that preserve natural resources and rational use of raw materials.<\/p><p>In addition, we are committed to helping causes that preserve our greatest good, which is LIFE.<\/p><p><b>Discover our partnership with GRAACC.<\/b><\/p>\t\t\t\t\t\t\t\t<\/div>\n\t\t\t\t<\/div>\n\t\t\t\t\t<\/div>\n\t\t<\/div>\n\t\t\t\t\t<\/div>\n\t\t<\/section>\n\t\t\t\t<section class=\"elementor-section elementor-top-section elementor-element elementor-element-4c34e36 elementor-section-boxed elementor-section-height-default elementor-section-height-default\" data-id=\"4c34e36\" data-element_type=\"section\" data-e-type=\"section\" data-settings=\"{&quot;background_background&quot;:&quot;classic&quot;}\">\n\t\t\t\t\t\t<div class=\"elementor-container elementor-column-gap-default\">\n\t\t\t\t\t<div class=\"elementor-column elementor-col-100 elementor-top-column elementor-element elementor-element-bbd8d74\" data-id=\"bbd8d74\" data-element_type=\"column\" data-e-type=\"column\">\n\t\t\t<div class=\"elementor-widget-wrap elementor-element-populated\">\n\t\t\t\t\t\t<section class=\"elementor-section elementor-inner-section elementor-element elementor-element-99a7361 elementor-section-boxed elementor-section-height-default elementor-section-height-default\" data-id=\"99a7361\" data-element_type=\"section\" data-e-type=\"section\">\n\t\t\t\t\t\t<div class=\"elementor-container elementor-column-gap-default\">\n\t\t\t\t\t<div class=\"elementor-column elementor-col-50 elementor-inner-column elementor-element elementor-element-1cbb414\" data-id=\"1cbb414\" data-element_type=\"column\" data-e-type=\"column\">\n\t\t\t<div class=\"elementor-widget-wrap elementor-element-populated\">\n\t\t\t\t\t\t<div class=\"elementor-element elementor-element-afe6420 elementor-widget elementor-widget-image\" data-id=\"afe6420\" data-element_type=\"widget\" data-e-type=\"widget\" data-widget_type=\"image.default\">\n\t\t\t\t<div class=\"elementor-widget-container\">\n\t\t\t\t\t\t\t\t\t\t\t\t\t\t\t\t<a href=\"https:\/\/www.graacc.org.br\/\">\n\t\t\t\t\t\t\t<img fetchpriority=\"high\" decoding=\"async\" width=\"476\" height=\"378\" src=\"https:\/\/frutiflora.com.br\/wp-content\/uploads\/2020\/10\/graacc-empresa-investidora-frutiflora.png\" class=\"attachment-large size-large wp-image-225\" alt=\"\" srcset=\"https:\/\/frutiflora.com.br\/wp-content\/uploads\/2020\/10\/graacc-empresa-investidora-frutiflora.png 476w, https:\/\/frutiflora.com.br\/wp-content\/uploads\/2020\/10\/graacc-empresa-investidora-frutiflora-300x238.png 300w\" sizes=\"(max-width: 476px) 100vw, 476px\" \/>\t\t\t\t\t\t\t\t<\/a>\n\t\t\t\t\t\t\t\t\t\t\t\t\t\t\t<\/div>\n\t\t\t\t<\/div>\n\t\t\t\t\t<\/div>\n\t\t<\/div>\n\t\t\t\t<div class=\"elementor-column elementor-col-50 elementor-inner-column elementor-element elementor-element-24d3797\" data-id=\"24d3797\" data-element_type=\"column\" data-e-type=\"column\">\n\t\t\t<div class=\"elementor-widget-wrap elementor-element-populated\">\n\t\t\t\t\t\t<div class=\"elementor-element elementor-element-ac82e92 elementor-widget elementor-widget-text-editor\" data-id=\"ac82e92\" data-element_type=\"widget\" data-e-type=\"widget\" data-widget_type=\"text-editor.default\">\n\t\t\t\t<div class=\"elementor-widget-container\">\n\t\t\t\t\t\t\t\t\t<p><b>Social Help:<\/b> We believe that citizenship is not limited to the actions of individuals, but also the enormous contribution that companies can make to society. With the ideal that all together we can make a better world, Frutiflora became an investor company at Hospital GRAACC, an institution that treats children with cancer, being the first Brazilian medical center specialized in child oncology.<\/p><p><b>You can also help them, visit the official website for more information: <a href=\"http:\/\/www.graacc.org.br\">www.graacc.org.br<\/a><\/b><\/p>\t\t\t\t\t\t\t\t<\/div>\n\t\t\t\t<\/div>\n\t\t\t\t\t<\/div>\n\t\t<\/div>\n\t\t\t\t\t<\/div>\n\t\t<\/section>\n\t\t\t\t\t<\/div>\n\t\t<\/div>\n\t\t\t\t\t<\/div>\n\t\t<\/section>\n\t\t\t\t<section class=\"elementor-section elementor-top-section elementor-element elementor-element-599d709 elementor-section-height-min-height elementor-section-boxed elementor-section-height-default elementor-section-items-middle\" data-id=\"599d709\" data-element_type=\"section\" data-e-type=\"section\" data-settings=\"{&quot;background_background&quot;:&quot;classic&quot;}\">\n\t\t\t\t\t\t<div class=\"elementor-container elementor-column-gap-default\">\n\t\t\t\t\t<div class=\"elementor-column elementor-col-100 elementor-top-column elementor-element elementor-element-7b237b1\" data-id=\"7b237b1\" data-element_type=\"column\" data-e-type=\"column\">\n\t\t\t<div class=\"elementor-widget-wrap elementor-element-populated\">\n\t\t\t\t\t\t<div class=\"elementor-element elementor-element-f6bd123 elementor-widget elementor-widget-heading\" data-id=\"f6bd123\" data-element_type=\"widget\" data-e-type=\"widget\" data-widget_type=\"heading.default\">\n\t\t\t\t<div class=\"elementor-widget-container\">\n\t\t\t\t\t<h2 class=\"elementor-heading-title elementor-size-default\">Sustentability<\/h2>\t\t\t\t<\/div>\n\t\t\t\t<\/div>\n\t\t\t\t<div class=\"elementor-element elementor-element-67ce4f3 elementor-widget elementor-widget-text-editor\" data-id=\"67ce4f3\" data-element_type=\"widget\" data-e-type=\"widget\" data-widget_type=\"text-editor.default\">\n\t\t\t\t<div class=\"elementor-widget-container translation-block\">In order to produce its products in a sustainable manner, <b> Frutiflora <\/b> adopted production processes that do not harm the environment, as well as strict hygiene and safety standards, thus making us <b> a company that operates responsibly towards our customers and employees <\/b>.<\/div>\n\t\t\t\t<\/div>\n\t\t\t\t\t<\/div>\n\t\t<\/div>\n\t\t\t\t\t<\/div>\n\t\t<\/section>\n\t\t\t\t<\/div>","protected":false},"excerpt":{"rendered":"<p>Responsabilidade Social N\u00f3s da Frutiflora Aromas, temos o compromisso de sempre entregar produtos de alta qualidade, devido ao nosso rigoroso processo de fabrica\u00e7\u00e3o e importantes parceiros. Estamos sempre inovando em nossa cadeia produtiva, criando solu\u00e7\u00f5es e desenvolvimento de processos que preservem os recursos naturais e uso racional de mat\u00e9ria-prima. Al\u00e9m disso, estamos empenhados em ajudar [&hellip;]<\/p>\n","protected":false},"author":1,"featured_media":0,"parent":0,"menu_order":0,"comment_status":"closed","ping_status":"closed","template":"elementor_header_footer","meta":{"_joinchat":[],"footnotes":""},"class_list":["post-30","page","type-page","status-publish","hentry"],"yoast_head":"<!-- This site is optimized with the Yoast SEO Premium plugin v26.0 (Yoast SEO v27.2) - https:\/\/yoast.com\/product\/yoast-seo-premium-wordpress\/ -->\n<title>Responsabilidade Social - Frutiflora Aromas<\/title>\n<meta name=\"robots\" content=\"index, follow, max-snippet:-1, max-image-preview:large, max-video-preview:-1\" \/>\n<link rel=\"canonical\" href=\"https:\/\/frutiflora.com.br\/en\/responsabilidade-social\/\" \/>\n<meta property=\"og:locale\" content=\"en_US\" \/>\n<meta property=\"og:type\" content=\"article\" \/>\n<meta property=\"og:title\" content=\"Responsabilidade Social\" \/>\n<meta property=\"og:description\" content=\"Responsabilidade Social N\u00f3s da Frutiflora Aromas, temos o compromisso de sempre entregar produtos de alta qualidade, devido ao nosso rigoroso processo de fabrica\u00e7\u00e3o e importantes parceiros. Estamos sempre inovando em nossa cadeia produtiva, criando solu\u00e7\u00f5es e desenvolvimento de processos que preservem os recursos naturais e uso racional de mat\u00e9ria-prima. Al\u00e9m disso, estamos empenhados em ajudar [&hellip;]\" \/>\n<meta property=\"og:url\" content=\"https:\/\/frutiflora.com.br\/en\/responsabilidade-social\/\" \/>\n<meta property=\"og:site_name\" content=\"Frutiflora Aromas\" \/>\n<meta property=\"article:modified_time\" content=\"2020-11-28T22:51:54+00:00\" \/>\n<meta property=\"og:image\" content=\"https:\/\/frutiflora.com.br\/wp-content\/uploads\/2020\/10\/graacc-empresa-investidora-frutiflora.png\" \/>\n\t<meta property=\"og:image:width\" content=\"476\" \/>\n\t<meta property=\"og:image:height\" content=\"378\" \/>\n\t<meta property=\"og:image:type\" content=\"image\/png\" \/>\n<meta name=\"twitter:card\" content=\"summary_large_image\" \/>\n<meta name=\"twitter:label1\" content=\"Est. reading time\" \/>\n\t<meta name=\"twitter:data1\" content=\"1 minute\" \/>\n<script type=\"application\/ld+json\" class=\"yoast-schema-graph\">{\"@context\":\"https:\/\/schema.org\",\"@graph\":[{\"@type\":\"WebPage\",\"@id\":\"https:\/\/frutiflora.com.br\/responsabilidade-social\/\",\"url\":\"https:\/\/frutiflora.com.br\/responsabilidade-social\/\",\"name\":\"Responsabilidade Social - Frutiflora Aromas\",\"isPartOf\":{\"@id\":\"https:\/\/frutiflora.com.br\/#website\"},\"primaryImageOfPage\":{\"@id\":\"https:\/\/frutiflora.com.br\/responsabilidade-social\/#primaryimage\"},\"image\":{\"@id\":\"https:\/\/frutiflora.com.br\/responsabilidade-social\/#primaryimage\"},\"thumbnailUrl\":\"https:\/\/frutiflora.com.br\/wp-content\/uploads\/2020\/10\/graacc-empresa-investidora-frutiflora.png\",\"datePublished\":\"2020-10-04T12:34:17+00:00\",\"dateModified\":\"2020-11-28T22:51:54+00:00\",\"breadcrumb\":{\"@id\":\"https:\/\/frutiflora.com.br\/responsabilidade-social\/#breadcrumb\"},\"inLanguage\":\"en-US\",\"potentialAction\":[{\"@type\":\"ReadAction\",\"target\":[\"https:\/\/frutiflora.com.br\/responsabilidade-social\/\"]}]},{\"@type\":\"ImageObject\",\"inLanguage\":\"en-US\",\"@id\":\"https:\/\/frutiflora.com.br\/responsabilidade-social\/#primaryimage\",\"url\":\"https:\/\/frutiflora.com.br\/wp-content\/uploads\/2020\/10\/graacc-empresa-investidora-frutiflora.png\",\"contentUrl\":\"https:\/\/frutiflora.com.br\/wp-content\/uploads\/2020\/10\/graacc-empresa-investidora-frutiflora.png\"},{\"@type\":\"BreadcrumbList\",\"@id\":\"https:\/\/frutiflora.com.br\/responsabilidade-social\/#breadcrumb\",\"itemListElement\":[{\"@type\":\"ListItem\",\"position\":1,\"name\":\"Home\",\"item\":\"https:\/\/frutiflora.com.br\/\"},{\"@type\":\"ListItem\",\"position\":2,\"name\":\"Responsabilidade Social\"}]},{\"@type\":\"WebSite\",\"@id\":\"https:\/\/frutiflora.com.br\/#website\",\"url\":\"https:\/\/frutiflora.com.br\/\",\"name\":\"Frutiflora Aromas\",\"description\":\"Uma Infinidade de Sabores!\",\"potentialAction\":[{\"@type\":\"SearchAction\",\"target\":{\"@type\":\"EntryPoint\",\"urlTemplate\":\"https:\/\/frutiflora.com.br\/?s={search_term_string}\"},\"query-input\":{\"@type\":\"PropertyValueSpecification\",\"valueRequired\":true,\"valueName\":\"search_term_string\"}}],\"inLanguage\":\"en-US\"}]}<\/script>\n<!-- \/ Yoast SEO Premium plugin. -->","yoast_head_json":{"title":"Responsabilidade Social - Frutiflora Aromas","robots":{"index":"index","follow":"follow","max-snippet":"max-snippet:-1","max-image-preview":"max-image-preview:large","max-video-preview":"max-video-preview:-1"},"canonical":"https:\/\/frutiflora.com.br\/en\/responsabilidade-social\/","og_locale":"en_US","og_type":"article","og_title":"Responsabilidade Social","og_description":"Responsabilidade Social N\u00f3s da Frutiflora Aromas, temos o compromisso de sempre entregar produtos de alta qualidade, devido ao nosso rigoroso processo de fabrica\u00e7\u00e3o e importantes parceiros. Estamos sempre inovando em nossa cadeia produtiva, criando solu\u00e7\u00f5es e desenvolvimento de processos que preservem os recursos naturais e uso racional de mat\u00e9ria-prima. Al\u00e9m disso, estamos empenhados em ajudar [&hellip;]","og_url":"https:\/\/frutiflora.com.br\/en\/responsabilidade-social\/","og_site_name":"Frutiflora Aromas","article_modified_time":"2020-11-28T22:51:54+00:00","og_image":[{"width":476,"height":378,"url":"https:\/\/frutiflora.com.br\/wp-content\/uploads\/2020\/10\/graacc-empresa-investidora-frutiflora.png","type":"image\/png"}],"twitter_card":"summary_large_image","twitter_misc":{"Est. reading time":"1 minute"},"schema":{"@context":"https:\/\/schema.org","@graph":[{"@type":"WebPage","@id":"https:\/\/frutiflora.com.br\/responsabilidade-social\/","url":"https:\/\/frutiflora.com.br\/responsabilidade-social\/","name":"Responsabilidade Social - Frutiflora Aromas","isPartOf":{"@id":"https:\/\/frutiflora.com.br\/#website"},"primaryImageOfPage":{"@id":"https:\/\/frutiflora.com.br\/responsabilidade-social\/#primaryimage"},"image":{"@id":"https:\/\/frutiflora.com.br\/responsabilidade-social\/#primaryimage"},"thumbnailUrl":"https:\/\/frutiflora.com.br\/wp-content\/uploads\/2020\/10\/graacc-empresa-investidora-frutiflora.png","datePublished":"2020-10-04T12:34:17+00:00","dateModified":"2020-11-28T22:51:54+00:00","breadcrumb":{"@id":"https:\/\/frutiflora.com.br\/responsabilidade-social\/#breadcrumb"},"inLanguage":"en-US","potentialAction":[{"@type":"ReadAction","target":["https:\/\/frutiflora.com.br\/responsabilidade-social\/"]}]},{"@type":"ImageObject","inLanguage":"en-US","@id":"https:\/\/frutiflora.com.br\/responsabilidade-social\/#primaryimage","url":"https:\/\/frutiflora.com.br\/wp-content\/uploads\/2020\/10\/graacc-empresa-investidora-frutiflora.png","contentUrl":"https:\/\/frutiflora.com.br\/wp-content\/uploads\/2020\/10\/graacc-empresa-investidora-frutiflora.png"},{"@type":"BreadcrumbList","@id":"https:\/\/frutiflora.com.br\/responsabilidade-social\/#breadcrumb","itemListElement":[{"@type":"ListItem","position":1,"name":"Home","item":"https:\/\/frutiflora.com.br\/"},{"@type":"ListItem","position":2,"name":"Responsabilidade Social"}]},{"@type":"WebSite","@id":"https:\/\/frutiflora.com.br\/#website","url":"https:\/\/frutiflora.com.br\/","name":"Frutiflora Aromas","description":"Uma Infinidade de Sabores!","potentialAction":[{"@type":"SearchAction","target":{"@type":"EntryPoint","urlTemplate":"https:\/\/frutiflora.com.br\/?s={search_term_string}"},"query-input":{"@type":"PropertyValueSpecification","valueRequired":true,"valueName":"search_term_string"}}],"inLanguage":"en-US"}]}},"_links":{"self":[{"href":"https:\/\/frutiflora.com.br\/en\/wp-json\/wp\/v2\/pages\/30","targetHints":{"allow":["GET"]}}],"collection":[{"href":"https:\/\/frutiflora.com.br\/en\/wp-json\/wp\/v2\/pages"}],"about":[{"href":"https:\/\/frutiflora.com.br\/en\/wp-json\/wp\/v2\/types\/page"}],"author":[{"embeddable":true,"href":"https:\/\/frutiflora.com.br\/en\/wp-json\/wp\/v2\/users\/1"}],"replies":[{"embeddable":true,"href":"https:\/\/frutiflora.com.br\/en\/wp-json\/wp\/v2\/comments?post=30"}],"version-history":[{"count":17,"href":"https:\/\/frutiflora.com.br\/en\/wp-json\/wp\/v2\/pages\/30\/revisions"}],"predecessor-version":[{"id":567,"href":"https:\/\/frutiflora.com.br\/en\/wp-json\/wp\/v2\/pages\/30\/revisions\/567"}],"wp:attachment":[{"href":"https:\/\/frutiflora.com.br\/en\/wp-json\/wp\/v2\/media?parent=30"}],"curies":[{"name":"wp","href":"https:\/\/api.w.org\/{rel}","templated":true}]}}