{"id":32,"date":"2020-10-04T09:34:35","date_gmt":"2020-10-04T12:34:35","guid":{"rendered":"http:\/\/frutiflora.agenciainsonia.com.br\/?page_id=32"},"modified":"2026-03-06T14:13:10","modified_gmt":"2026-03-06T17:13:10","slug":"blog","status":"publish","type":"page","link":"https:\/\/frutiflora.com.br\/en\/blog\/","title":{"rendered":"Blog"},"content":{"rendered":"<div data-elementor-type=\"wp-page\" data-elementor-id=\"32\" class=\"elementor elementor-32\" data-elementor-post-type=\"page\">\n\t\t\t\t\t\t<section class=\"elementor-section elementor-top-section elementor-element elementor-element-6513c37 elementor-section-boxed elementor-section-height-default elementor-section-height-default\" data-id=\"6513c37\" data-element_type=\"section\" data-e-type=\"section\" data-settings=\"{&quot;background_background&quot;:&quot;classic&quot;}\">\n\t\t\t\t\t\t\t<div class=\"elementor-background-overlay\"><\/div>\n\t\t\t\t\t\t\t<div class=\"elementor-container elementor-column-gap-default\">\n\t\t\t\t\t<div class=\"elementor-column elementor-col-100 elementor-top-column elementor-element elementor-element-3719f62\" data-id=\"3719f62\" data-element_type=\"column\" data-e-type=\"column\">\n\t\t\t<div class=\"elementor-widget-wrap elementor-element-populated\">\n\t\t\t\t\t\t<div class=\"elementor-element elementor-element-26c1333 elementor-widget elementor-widget-heading\" data-id=\"26c1333\" data-element_type=\"widget\" data-e-type=\"widget\" data-widget_type=\"heading.default\">\n\t\t\t\t<div class=\"elementor-widget-container\">\n\t\t\t\t\t<h2 class=\"elementor-heading-title elementor-size-default\"><b>Blog<\/b> da FrutiFlora<\/h2>\t\t\t\t<\/div>\n\t\t\t\t<\/div>\n\t\t\t\t\t<\/div>\n\t\t<\/div>\n\t\t\t\t\t<\/div>\n\t\t<\/section>\n\t\t\t\t<section class=\"elementor-section elementor-top-section elementor-element elementor-element-0381bd0 elementor-section-boxed elementor-section-height-default elementor-section-height-default\" data-id=\"0381bd0\" data-element_type=\"section\" data-e-type=\"section\">\n\t\t\t\t\t\t<div class=\"elementor-container elementor-column-gap-default\">\n\t\t\t\t\t<div class=\"elementor-column elementor-col-100 elementor-top-column elementor-element elementor-element-4f254bd\" data-id=\"4f254bd\" data-element_type=\"column\" data-e-type=\"column\">\n\t\t\t<div class=\"elementor-widget-wrap elementor-element-populated\">\n\t\t\t\t\t\t<div class=\"elementor-element elementor-element-cd34346 elementor-grid-3 elementor-grid-tablet-2 elementor-grid-mobile-1 elementor-posts--thumbnail-top elementor-posts--show-avatar elementor-card-shadow-yes elementor-posts__hover-gradient elementor-widget elementor-widget-posts\" data-id=\"cd34346\" data-element_type=\"widget\" data-e-type=\"widget\" data-settings=\"{&quot;cards_columns&quot;:&quot;3&quot;,&quot;cards_columns_tablet&quot;:&quot;2&quot;,&quot;cards_columns_mobile&quot;:&quot;1&quot;,&quot;cards_row_gap&quot;:{&quot;unit&quot;:&quot;px&quot;,&quot;size&quot;:35,&quot;sizes&quot;:[]},&quot;cards_row_gap_tablet&quot;:{&quot;unit&quot;:&quot;px&quot;,&quot;size&quot;:&quot;&quot;,&quot;sizes&quot;:[]},&quot;cards_row_gap_mobile&quot;:{&quot;unit&quot;:&quot;px&quot;,&quot;size&quot;:&quot;&quot;,&quot;sizes&quot;:[]}}\" data-widget_type=\"posts.cards\">\n\t\t\t\t<div class=\"elementor-widget-container\">\n\t\t\t\t\t\t\t<div class=\"elementor-posts-container elementor-posts elementor-posts--skin-cards elementor-grid\" role=\"list\">\n\t\t\t\t<article class=\"elementor-post elementor-grid-item post-769 post type-post status-publish format-standard hentry category-sem-categoria\" role=\"listitem\">\n\t\t\t<div class=\"elementor-post__card\">\n\t\t\t\t<div class=\"elementor-post__text\">\n\t\t\t\t<h3 class=\"elementor-post__title\">\n\t\t\t<a href=\"https:\/\/frutiflora.com.br\/en\/reducao-de-acucar-em-bebidas-o-desafio-de-manter-sabor-e-experiencia\/\" >\n\t\t\t\tRedu\u00e7\u00e3o de a\u00e7\u00facar em bebidas: o desafio de manter sabor e experi\u00eancia.\t\t\t<\/a>\n\t\t<\/h3>\n\t\t\t\t<div class=\"elementor-post__excerpt\">\n\t\t\t<p>O consumo elevado de bebidas a\u00e7ucaradas vem sendo cada vez mais associado a impactos negativos na sa\u00fade p\u00fablica. Diversas entidades internacionais apontam a ingest\u00e3o excessiva<\/p>\n\t\t<\/div>\n\t\t\n\t\t<a class=\"elementor-post__read-more\" href=\"https:\/\/frutiflora.com.br\/en\/reducao-de-acucar-em-bebidas-o-desafio-de-manter-sabor-e-experiencia\/\" aria-label=\"Read more about Redu\u00e7\u00e3o de a\u00e7\u00facar em bebidas: o desafio de manter sabor e experi\u00eancia.\" tabindex=\"-1\" >\n\t\t\tLer Completo \u00bb\t\t<\/a>\n\n\t\t\t\t<\/div>\n\t\t\t\t<div class=\"elementor-post__meta-data\">\n\t\t\t\t\t<span class=\"elementor-post-date\">\n\t\t\t27 de March de 2026\t\t<\/span>\n\t\t\t\t<span class=\"elementor-post-avatar\">\n\t\t\tNo Comments\t\t<\/span>\n\t\t\t\t<\/div>\n\t\t\t\t\t<\/div>\n\t\t<\/article>\n\t\t\t\t<article class=\"elementor-post elementor-grid-item post-765 post type-post status-publish format-standard hentry category-sem-categoria\" role=\"listitem\">\n\t\t\t<div class=\"elementor-post__card\">\n\t\t\t\t<div class=\"elementor-post__text\">\n\t\t\t\t<h3 class=\"elementor-post__title\">\n\t\t\t<a href=\"https:\/\/frutiflora.com.br\/en\/bebidas-sem-alcool-o-desafio-de-recriar-sabor-corpo-e-experiencia\/\" >\n\t\t\t\tBebidas sem \u00e1lcool: o desafio de recriar sabor, corpo e experi\u00eancia\t\t\t<\/a>\n\t\t<\/h3>\n\t\t\t\t<div class=\"elementor-post__excerpt\">\n\t\t\t<p>Com o avan\u00e7o do movimento conhecido como \u201csober curious\u201d e o aumento da procura por op\u00e7\u00f5es mais saud\u00e1veis, o segmento de bebidas com baixo ou<\/p>\n\t\t<\/div>\n\t\t\n\t\t<a class=\"elementor-post__read-more\" href=\"https:\/\/frutiflora.com.br\/en\/bebidas-sem-alcool-o-desafio-de-recriar-sabor-corpo-e-experiencia\/\" aria-label=\"Read more about Bebidas sem \u00e1lcool: o desafio de recriar sabor, corpo e experi\u00eancia\" tabindex=\"-1\" >\n\t\t\tLer Completo \u00bb\t\t<\/a>\n\n\t\t\t\t<\/div>\n\t\t\t\t<div class=\"elementor-post__meta-data\">\n\t\t\t\t\t<span class=\"elementor-post-date\">\n\t\t\t19 de March de 2026\t\t<\/span>\n\t\t\t\t<span class=\"elementor-post-avatar\">\n\t\t\tNo Comments\t\t<\/span>\n\t\t\t\t<\/div>\n\t\t\t\t\t<\/div>\n\t\t<\/article>\n\t\t\t\t<article class=\"elementor-post elementor-grid-item post-761 post type-post status-publish format-standard hentry category-sem-categoria\" role=\"listitem\">\n\t\t\t<div class=\"elementor-post__card\">\n\t\t\t\t<div class=\"elementor-post__text\">\n\t\t\t\t<h3 class=\"elementor-post__title\">\n\t\t\t<a href=\"https:\/\/frutiflora.com.br\/en\/tendencias-de-sabores-para-bebidas-e-alimentos-em-2026-o-que-a-industria-precisa-observar\/\" >\n\t\t\t\tTend\u00eancias de Sabores para Bebidas e Alimentos em 2026: O que a ind\u00fastria precisa observar\t\t\t<\/a>\n\t\t<\/h3>\n\t\t\t\t<div class=\"elementor-post__excerpt\">\n\t\t\t<p>A ind\u00fastria de alimentos e bebidas vive um momento de transforma\u00e7\u00e3o acelerada. Consumidores est\u00e3o cada vez mais curiosos, exigentes e abertos a experimentar novos perfis<\/p>\n\t\t<\/div>\n\t\t\n\t\t<a class=\"elementor-post__read-more\" href=\"https:\/\/frutiflora.com.br\/en\/tendencias-de-sabores-para-bebidas-e-alimentos-em-2026-o-que-a-industria-precisa-observar\/\" aria-label=\"Read more about Tend\u00eancias de Sabores para Bebidas e Alimentos em 2026: O que a ind\u00fastria precisa observar\" tabindex=\"-1\" >\n\t\t\tLer Completo \u00bb\t\t<\/a>\n\n\t\t\t\t<\/div>\n\t\t\t\t<div class=\"elementor-post__meta-data\">\n\t\t\t\t\t<span class=\"elementor-post-date\">\n\t\t\t12 de March de 2026\t\t<\/span>\n\t\t\t\t<span class=\"elementor-post-avatar\">\n\t\t\tNo Comments\t\t<\/span>\n\t\t\t\t<\/div>\n\t\t\t\t\t<\/div>\n\t\t<\/article>\n\t\t\t\t<article class=\"elementor-post elementor-grid-item post-749 post type-post status-publish format-standard hentry category-sem-categoria\" role=\"listitem\">\n\t\t\t<div class=\"elementor-post__card\">\n\t\t\t\t<div class=\"elementor-post__text\">\n\t\t\t\t<h3 class=\"elementor-post__title\">\n\t\t\t<a href=\"https:\/\/frutiflora.com.br\/en\/mascaramento-sensorial-em-bebidas-zero-acucar\/\" >\n\t\t\t\tMascaramento Sensorial em Bebidas Zero A\u00e7\u00facar\t\t\t<\/a>\n\t\t<\/h3>\n\t\t\t\t<div class=\"elementor-post__excerpt\">\n\t\t\t<p>Tecnologia estrat\u00e9gica para performance sensorial A redu\u00e7\u00e3o de a\u00e7\u00facar deixou de ser apenas uma tend\u00eancia de consumo e passou a ser um requisito estrat\u00e9gico para<\/p>\n\t\t<\/div>\n\t\t\n\t\t<a class=\"elementor-post__read-more\" href=\"https:\/\/frutiflora.com.br\/en\/mascaramento-sensorial-em-bebidas-zero-acucar\/\" aria-label=\"Read more about Mascaramento Sensorial em Bebidas Zero A\u00e7\u00facar\" tabindex=\"-1\" >\n\t\t\tLer Completo \u00bb\t\t<\/a>\n\n\t\t\t\t<\/div>\n\t\t\t\t<div class=\"elementor-post__meta-data\">\n\t\t\t\t\t<span class=\"elementor-post-date\">\n\t\t\t6 de March de 2026\t\t<\/span>\n\t\t\t\t<span class=\"elementor-post-avatar\">\n\t\t\tNo Comments\t\t<\/span>\n\t\t\t\t<\/div>\n\t\t\t\t\t<\/div>\n\t\t<\/article>\n\t\t\t\t<\/div>\n\t\t\n\t\t\t\t\t\t<\/div>\n\t\t\t\t<\/div>\n\t\t\t\t\t<\/div>\n\t\t<\/div>\n\t\t\t\t\t<\/div>\n\t\t<\/section>\n\t\t\t\t<\/div>","protected":false},"excerpt":{"rendered":"<p>Blog da FrutiFlora<\/p>","protected":false},"author":1,"featured_media":0,"parent":0,"menu_order":0,"comment_status":"closed","ping_status":"closed","template":"elementor_header_footer","meta":{"_joinchat":[],"footnotes":""},"class_list":["post-32","page","type-page","status-publish","hentry"],"yoast_head":"<!-- This site is optimized with the Yoast SEO Premium plugin v26.0 (Yoast SEO v27.2) - https:\/\/yoast.com\/product\/yoast-seo-premium-wordpress\/ -->\n<title>Blog - Frutiflora Aromas<\/title>\n<meta name=\"robots\" content=\"index, follow, max-snippet:-1, max-image-preview:large, max-video-preview:-1\" \/>\n<link rel=\"canonical\" href=\"https:\/\/frutiflora.com.br\/en\/blog\/\" \/>\n<meta property=\"og:locale\" content=\"en_US\" \/>\n<meta property=\"og:type\" content=\"article\" \/>\n<meta property=\"og:title\" content=\"Blog\" \/>\n<meta property=\"og:description\" content=\"Blog da FrutiFlora\" \/>\n<meta property=\"og:url\" content=\"https:\/\/frutiflora.com.br\/en\/blog\/\" \/>\n<meta property=\"og:site_name\" content=\"Frutiflora Aromas\" \/>\n<meta property=\"article:modified_time\" content=\"2026-03-06T17:13:10+00:00\" \/>\n<meta name=\"twitter:card\" content=\"summary_large_image\" \/>\n<meta name=\"twitter:label1\" content=\"Est. reading time\" \/>\n\t<meta name=\"twitter:data1\" content=\"1 minute\" \/>\n<script type=\"application\/ld+json\" class=\"yoast-schema-graph\">{\"@context\":\"https:\/\/schema.org\",\"@graph\":[{\"@type\":\"WebPage\",\"@id\":\"https:\/\/frutiflora.com.br\/blog\/\",\"url\":\"https:\/\/frutiflora.com.br\/blog\/\",\"name\":\"Blog - Frutiflora Aromas\",\"isPartOf\":{\"@id\":\"https:\/\/frutiflora.com.br\/#website\"},\"datePublished\":\"2020-10-04T12:34:35+00:00\",\"dateModified\":\"2026-03-06T17:13:10+00:00\",\"breadcrumb\":{\"@id\":\"https:\/\/frutiflora.com.br\/blog\/#breadcrumb\"},\"inLanguage\":\"en-US\",\"potentialAction\":[{\"@type\":\"ReadAction\",\"target\":[\"https:\/\/frutiflora.com.br\/blog\/\"]}]},{\"@type\":\"BreadcrumbList\",\"@id\":\"https:\/\/frutiflora.com.br\/blog\/#breadcrumb\",\"itemListElement\":[{\"@type\":\"ListItem\",\"position\":1,\"name\":\"Home\",\"item\":\"https:\/\/frutiflora.com.br\/\"},{\"@type\":\"ListItem\",\"position\":2,\"name\":\"Blog\"}]},{\"@type\":\"WebSite\",\"@id\":\"https:\/\/frutiflora.com.br\/#website\",\"url\":\"https:\/\/frutiflora.com.br\/\",\"name\":\"Frutiflora Aromas\",\"description\":\"Uma Infinidade de Sabores!\",\"potentialAction\":[{\"@type\":\"SearchAction\",\"target\":{\"@type\":\"EntryPoint\",\"urlTemplate\":\"https:\/\/frutiflora.com.br\/?s={search_term_string}\"},\"query-input\":{\"@type\":\"PropertyValueSpecification\",\"valueRequired\":true,\"valueName\":\"search_term_string\"}}],\"inLanguage\":\"en-US\"}]}<\/script>\n<!-- \/ Yoast SEO Premium plugin. -->","yoast_head_json":{"title":"Blog - Frutiflora Aromas","robots":{"index":"index","follow":"follow","max-snippet":"max-snippet:-1","max-image-preview":"max-image-preview:large","max-video-preview":"max-video-preview:-1"},"canonical":"https:\/\/frutiflora.com.br\/en\/blog\/","og_locale":"en_US","og_type":"article","og_title":"Blog","og_description":"Blog da FrutiFlora","og_url":"https:\/\/frutiflora.com.br\/en\/blog\/","og_site_name":"Frutiflora Aromas","article_modified_time":"2026-03-06T17:13:10+00:00","twitter_card":"summary_large_image","twitter_misc":{"Est. reading time":"1 minute"},"schema":{"@context":"https:\/\/schema.org","@graph":[{"@type":"WebPage","@id":"https:\/\/frutiflora.com.br\/blog\/","url":"https:\/\/frutiflora.com.br\/blog\/","name":"Blog - Frutiflora Aromas","isPartOf":{"@id":"https:\/\/frutiflora.com.br\/#website"},"datePublished":"2020-10-04T12:34:35+00:00","dateModified":"2026-03-06T17:13:10+00:00","breadcrumb":{"@id":"https:\/\/frutiflora.com.br\/blog\/#breadcrumb"},"inLanguage":"en-US","potentialAction":[{"@type":"ReadAction","target":["https:\/\/frutiflora.com.br\/blog\/"]}]},{"@type":"BreadcrumbList","@id":"https:\/\/frutiflora.com.br\/blog\/#breadcrumb","itemListElement":[{"@type":"ListItem","position":1,"name":"Home","item":"https:\/\/frutiflora.com.br\/"},{"@type":"ListItem","position":2,"name":"Blog"}]},{"@type":"WebSite","@id":"https:\/\/frutiflora.com.br\/#website","url":"https:\/\/frutiflora.com.br\/","name":"Frutiflora Aromas","description":"Uma Infinidade de Sabores!","potentialAction":[{"@type":"SearchAction","target":{"@type":"EntryPoint","urlTemplate":"https:\/\/frutiflora.com.br\/?s={search_term_string}"},"query-input":{"@type":"PropertyValueSpecification","valueRequired":true,"valueName":"search_term_string"}}],"inLanguage":"en-US"}]}},"_links":{"self":[{"href":"https:\/\/frutiflora.com.br\/en\/wp-json\/wp\/v2\/pages\/32","targetHints":{"allow":["GET"]}}],"collection":[{"href":"https:\/\/frutiflora.com.br\/en\/wp-json\/wp\/v2\/pages"}],"about":[{"href":"https:\/\/frutiflora.com.br\/en\/wp-json\/wp\/v2\/types\/page"}],"author":[{"embeddable":true,"href":"https:\/\/frutiflora.com.br\/en\/wp-json\/wp\/v2\/users\/1"}],"replies":[{"embeddable":true,"href":"https:\/\/frutiflora.com.br\/en\/wp-json\/wp\/v2\/comments?post=32"}],"version-history":[{"count":10,"href":"https:\/\/frutiflora.com.br\/en\/wp-json\/wp\/v2\/pages\/32\/revisions"}],"predecessor-version":[{"id":756,"href":"https:\/\/frutiflora.com.br\/en\/wp-json\/wp\/v2\/pages\/32\/revisions\/756"}],"wp:attachment":[{"href":"https:\/\/frutiflora.com.br\/en\/wp-json\/wp\/v2\/media?parent=32"}],"curies":[{"name":"wp","href":"https:\/\/api.w.org\/{rel}","templated":true}]}}